{"id":12000,"date":"2015-01-21T13:59:45","date_gmt":"2015-01-21T12:59:45","guid":{"rendered":"http:\/\/www.maine-anjou.de\/?page_id=12000"},"modified":"2017-03-21T10:58:06","modified_gmt":"2017-03-21T09:58:06","slug":"statut","status":"publish","type":"page","link":"https:\/\/www.maine-anjou.de\/fr\/association-2\/statut.html","title":{"rendered":"Statut"},"content":{"rendered":"\n<style type=\"text\/css\" data-created_by=\"avia_inline_auto\" id=\"style-css-av-av_heading-55b886711dbe3a59376c317971a532db\">\n#top .av-special-heading.av-av_heading-55b886711dbe3a59376c317971a532db{\npadding-bottom:10px;\n}\nbody .av-special-heading.av-av_heading-55b886711dbe3a59376c317971a532db .av-special-heading-tag .heading-char{\nfont-size:25px;\n}\n.av-special-heading.av-av_heading-55b886711dbe3a59376c317971a532db .av-subheading{\nfont-size:15px;\n}\n<\/style>\n<div  class='av-special-heading av-av_heading-55b886711dbe3a59376c317971a532db av-special-heading-h2  avia-builder-el-0  el_before_av_textblock  avia-builder-el-first '><h2 class='av-special-heading-tag'  itemprop=\"headline\"  >Association Maine-Anjou Allemagne (association d\u00e9clar\u00e9e) <\/h2><div class=\"special-heading-border\"><div class=\"special-heading-inner-border\"><\/div><\/div><\/div>\n<section  class='av_textblock_section av-av_textblock-396ddf1f42196ca838231e61a4602801 '   itemscope=\"itemscope\" itemtype=\"https:\/\/schema.org\/CreativeWork\" ><div class='avia_textblock'  itemprop=\"text\" ><div  class='avia-button-wrap av-av_button-22c6b53f34dfb5cc3fb61de042a5637a-wrap avia-button-left  avia-builder-el-2  avia-builder-el-no-sibling '><a href='https:\/\/www.maine-anjou.de\/pdf\/fr\/association-declaree-mavd-01-12-2014.pdf' class='avia-button av-av_button-22c6b53f34dfb5cc3fb61de042a5637a av-link-btn avia-icon_select-yes-left-icon avia-size-medium avia-position-left avia-color-theme-color' target=\"_blank\" rel=\"noopener noreferrer\"><span class='avia_button_icon avia_button_icon_left' aria-hidden='true' data-av_icon='\ue82d' data-av_iconfont='entypo-fontello'><\/span><span class='avia_iconbox_title' >Vous pouvez t\u00e9l\u00e9charger le statut en format PDF ici<\/span><\/a><\/div>\n<\/div><\/section>\n<div  class='togglecontainer av-av_toggle_container-1c5f05ce43bbf21457da42746a25c01a  avia-builder-el-3  el_after_av_textblock  avia-builder-el-last ' >\n<section class='av_toggle_section av-av_toggle-de5e8f513cf103d351613cebaba4b4fb'  itemscope=\"itemscope\" itemtype=\"https:\/\/schema.org\/CreativeWork\" ><div role=\"tablist\" class=\"single_toggle\" data-tags=\"{Tout} \"  ><p data-fake-id='#toggle-id-1' class='toggler  activeTitle '  itemprop=\"headline\"  role='tab' tabindex='0' aria-controls='toggle-id-1'>D\u00e9nomination, Fin et missions<span class=\"toggle_icon\"><span class=\"vert_icon\"><\/span><span class=\"hor_icon\"><\/span><\/span><\/p><div id='toggle-id-1' class='toggle_wrap  active_tc' style='display:block;' ><div class='toggle_content invers-color '  itemprop=\"text\" ><p><strong>\u00a7 1 D\u00e9nomination, si\u00e8ge, but<\/strong><\/p>\n<ol>\n<ol>\n<li>La d\u00e9nomination de l\u2019association est:<\/li>\n<\/ol>\n<\/ol>\n<p class=\"center\"><strong>Maine-Anjou Verband Deutschland e.V. (MAVD)<\/strong><\/p>\n<ol>\n<li>L\u2019association est inscrite au registre des associations. Son si\u00e8ge se trouve \u00e0 Busdorf. L\u2019association est elle-m\u00eame membre de l\u2019association des \u00e9leveurs de viande bovine en Allemagne.<\/li>\n<li>L\u2019exercice de l\u2019association correspond \u00e0 l\u2019ann\u00e9e civile. Le premier exercice est un exercice \u00e9court\u00e9 et d\u00e9bute avec l\u2019inscription de l\u2019association au registre des associations. L\u2019exercice se termine le 31 d\u00e9cembre de la m\u00eame ann\u00e9e.<\/li>\n<\/ol>\n<p><strong>\u00a7 2 Fin et missions de l\u2019association <\/strong><\/p>\n<p>Le but et les missions de l\u2019association sont les suivants:<\/p>\n<ol>\n<li>L\u2019association prend en charge et conseille les \u00e9leveurs et propri\u00e9taires de Maine-Anjou allemands.<\/li>\n<li>L\u2019association encourage la promotion et le d\u00e9veloppement de l\u2019\u00e9levage de vaches Maine-Anjou en Allemagne.<\/li>\n<li>Il incombe \u00e0 l\u2019association de tenir et d\u2019organiser des manifestations (expositions et \u00e9changes) pour la promotion de la race Maine-Anjou en Allemagne.<\/li>\n<li>L\u2019association repr\u00e9sente les int\u00e9r\u00eats des \u00e9leveurs et propri\u00e9taires de Maine-Anjou et, pour ce faire, coop\u00e8re avec les f\u00e9d\u00e9rations r\u00e9gionales et l\u2019association des \u00e9leveurs de viande bovine en Allemagne.<\/li>\n<\/ol>\n<\/div><\/div><\/div><\/section>\n<section class='av_toggle_section av-av_toggle-2456d72333f6c2369074cd885d5f72a5'  itemscope=\"itemscope\" itemtype=\"https:\/\/schema.org\/CreativeWork\" ><div role=\"tablist\" class=\"single_toggle\" data-tags=\"{Tout} \"  ><p data-fake-id='#toggle-id-2' class='toggler   '  itemprop=\"headline\"  role='tab' tabindex='0' aria-controls='toggle-id-2'>Voir le statut complet en un click.<span class=\"toggle_icon\"><span class=\"vert_icon\"><\/span><span class=\"hor_icon\"><\/span><\/span><\/p><div id='toggle-id-2' class='toggle_wrap  '  ><div class='toggle_content invers-color '  itemprop=\"text\" ><p><strong>\u00a7 3 Utilit\u00e9 publique de l\u2019association <\/strong><\/p>\n<ol>\n<li>L&rsquo;association poursuit exclusivement et directement un but d\u2019utilit\u00e9 publique conform\u00e9ment \u00e0 la section \u00ab\u00a0avantages fiscaux\u00a0\u00bb du code g\u00e9n\u00e9ral des imp\u00f4ts.<\/li>\n<li>L\u2019association ne poursuit pas de but commercial. Les \u00e9ventuels exc\u00e9dents sont utilis\u00e9s pour des activit\u00e9s pr\u00e9vues par le statut. Les d\u00e9bours pour l\u2019association sont pay\u00e9s selon les moyens financiers de l\u2019association.<\/li>\n<li>L\u2019association est d\u00e9sint\u00e9ress\u00e9e; elle ne poursuit pas en premier lieu un objectif lucratif. Les fonds de l\u2019association ne peuvent \u00eatre utilis\u00e9s que pour des buts conformes aux statuts.<\/li>\n<li>Aucune personne ne doit recevoir de l&rsquo;association de bonifications exag\u00e9r\u00e9es pour des actions sans relation avec les buts de l\u2019association.<\/li>\n<\/ol>\n<p><strong>\u00a7 4 Qualit\u00e9 de membre<\/strong><\/p>\n<ol>\n<li>Toute persone physique ou morale adh\u00e9rant aux buts de l\u2019association, peut devenir membre.<\/li>\n<li>L\u2019adh\u00e9sion de mineurs requiert l\u2019approbation d\u2019un repr\u00e9sentant l\u00e9gal.<\/li>\n<li>Les membres sont tenus de payer &#8211; par virement automatique &#8211; leur cotisation annuelle de mani\u00e8re r\u00e9guli\u00e8re. Le montant de la cotisation annuelle est fix\u00e9 par l\u2019assembl\u00e9e g\u00e9n\u00e9rale.<\/li>\n<li>Afin de devenir membre de l\u2019AMAA, vous devez retourner un formulaire d\u2019adh\u00e9sion au Bureau de l\u2019association. Vous obtiendrez une r\u00e9ponse dans les meilleurs d\u00e9lais.<\/li>\n<li>Peuvent \u00eatre nomm\u00e9es membres d&rsquo;honneur des personnes physiques qui ont rendu des services \u00e9minents \u00e0 la promotion des vaches Maine-Anjou. La nomination en tant que membre d\u2019honneur incombe \u00e0 l\u2019assembl\u00e9e g\u00e9n\u00e9rale.<\/li>\n<\/ol>\n<p><strong>\u00a7 5 Expiration de l\u2019adh\u00e9sion<\/strong><\/p>\n<p>L\u2019adh\u00e9sion expire:<\/p>\n<ol>\n<li>en cas de r\u00e9siliation volontaire; la r\u00e9siliation doit parvenir au bureau de l\u2019association par lettre recommand\u00e9e jusqu\u2019au 30 septembre de l\u2019exercice en cours ; l\u2019adh\u00e9sion prend fin \u00e0 la fin de l\u2019ann\u00e9e civile.<\/li>\n<li>en cas d\u2019exclusion; le directoire peut d\u00e9cider d\u2019exclure un membre.<\/li>\n<li>en cas de d\u00e9c\u00e8s d\u2019un membre.<\/li>\n<\/ol>\n<p>Les membres sortants ou exclus sont tenus de payer leur cotisation pour l\u2019ann\u00e9e suivante.<\/p>\n<p><strong>\u00a7 6 Raisons d\u2019exclusion<\/strong><\/p>\n<p>L\u2019exclusion d\u2019un membre est possible:<\/p>\n<ol>\n<li>lorsque des cotisations ou autres cr\u00e9ances de l\u2019association ne sont pas r\u00e9gl\u00e9es jusqu\u2019\u00e0 la fin de l\u2019ann\u00e9e civile au cours de laquelle les montants sont devenus exigibles.<\/li>\n<li>si il porte atteinte, avec pr\u00e9m\u00e9ditation ou par n\u00e9gligence grave, au statut et aux d\u00e9cisions des organes de l\u2019association.<\/li>\n<li>si il porte atteinte, de mani\u00e8re pr\u00e9m\u00e9dit\u00e9e aux int\u00e9r\u00eats ou \u00e0 la r\u00e9putation de l\u2019association.<\/li>\n<\/ol>\n<p>Un recours contre l\u2019exclusion peut \u00eatre introduit devant l&rsquo;assembl\u00e9e g\u00e9n\u00e9rale, qui peut d\u00e9cider de mani\u00e8re d\u00e9finitive \u00e0 la majorit\u00e9 des voix des membres pr\u00e9sents.<\/p>\n<p>Un recours contre une mesure du comit\u00e9 directeur peut \u00eatre introduit 30 jours apr\u00e8s l\u2019annonce de cette mesure au premier pr\u00e9sident de l\u2019association par lettre recommand\u00e9e (date de livraison).<\/p>\n<p><strong>\u00a7 7 Droits des membres <\/strong><\/p>\n<p>Conform\u00e9ment aux statuts, les membres ordinaires ont droit \u00e0 la promotion et \u00e0 l\u2019appui de l\u2019association ainsi qu\u2019\u00e0 l\u2019utilisation des am\u00e9nagements et des manifestations de l\u2019association.<\/p>\n<p>Chaque membre pr\u00e9sent en personne \u00e0 l\u2019assembl\u00e9e g\u00e9n\u00e9rale a une voix. Si le membre est une personne morale, celle-ci a une seule voix, qui peut \u00eatre exerc\u00e9e par son repr\u00e9sentant.<\/p>\n<p>Le droit de vote n\u2019est pas transf\u00e9rable.<\/p>\n<p><strong>\u00a7 8 Obligations des membres <\/strong><\/p>\n<p>Les membres sont dans l\u2019obligation:<\/p>\n<ol>\n<li>de respecter les statuts et toutes autres d\u00e9cisions statutaires.<\/li>\n<li>d\u2019informer le bureau de l\u2019association de tout enjeu n\u00e9cessaire \u00e0 l\u2019ex\u00e9cution des statuts.<\/li>\n<li>de r\u00e9gler les cotisations de mani\u00e8re r\u00e9guli\u00e8re<\/li>\n<li>de s\u2019abstenir de tout acte susceptible de porter atteinte \u00e0 la r\u00e9putation et aux int\u00e9r\u00eats de l\u2019association.<\/li>\n<\/ol>\n<p>Le non-respect de ces obligations sont susceptibles d\u2019\u00eatre sanctionn\u00e9 par le comit\u00e9 directeur. L\u2019int\u00e9ress\u00e9 a la possibilit\u00e9 de prendre position sur le sujet avant la sanction.<\/p>\n<p>Les sanctions admises sont:<\/p>\n<ol>\n<li>Avertissement<\/li>\n<li>Bl\u00e2me<\/li>\n<li>Exclusion.<\/li>\n<\/ol>\n<p>Un recours contre la d\u00e9cision du comit\u00e9 directeur peut \u00eatre introduit devant l\u2019assembl\u00e9e g\u00e9n\u00e9rale, qui d\u00e9cidera en dernier recours.<\/p>\n<p><strong>\u00a7 9 Organes de l\u2019association<\/strong><\/p>\n<p>Les organes de l\u2019association sont:<\/p>\n<ol>\n<li>l\u2019assembl\u00e9e g\u00e9n\u00e9rale<\/li>\n<li>le comit\u00e9 directeur<\/li>\n<\/ol>\n<p>Seuls des membres de l\u2019association peuvent \u00eatre \u00e9lus membres du comit\u00e9 directeur.<\/p>\n<p><strong>\u00a7 10 L\u2019assembl\u00e9e g\u00e9n\u00e9rale<\/strong><\/p>\n<ol>\n<ol>\n<li>Les membres se r\u00e9unissent au moins une fois par an en assembl\u00e9e g\u00e9n\u00e9rale. La convocation est effectu\u00e9e par le premier pr\u00e9sident ou son repr\u00e9sentant. Les membres doivent \u00eatre convoqu\u00e9s avec un ordre du jour dans un d\u00e9lai de 14 jours (cachet de la poste faisant foi). Le lieu de la r\u00e9union doit \u00e9galement \u00eatre notifi\u00e9.<\/li>\n<li>En cas d\u2019urgence, le comit\u00e9 directeur peut convoquer une assembl\u00e9e g\u00e9n\u00e9rale extraordinaire dans un d\u00e9lai de 14 jours. Le comit\u00e9 directeur y est oblig\u00e9 si au moins un quart des membres le demande de fa\u00e7on motiv\u00e9e et par \u00e9crit au premier ou au deuxi\u00e8me pr\u00e9sident. Une assembl\u00e9e g\u00e9n\u00e9rale extraordinaire d\u00fbment sollicit\u00e9e doit \u00eatre convoqu\u00e9e au minimum deux semaines apr\u00e8s la pr\u00e9sentation de la demande. Ces instructions sont \u00e9galement applicables \u00e0 la convocation et la tenue d\u2019une assembl\u00e9e g\u00e9n\u00e9rale ordinaire.<\/li>\n<li>Les d\u00e9cisions prises par l\u2019assembl\u00e9e g\u00e9n\u00e9rale doivent \u00eatre consign\u00e9es dans un proc\u00e8s-verbal, qui doit \u00eatre sign\u00e9 par le r\u00e9dacteur du proc\u00e8s-verbal et le premier pr\u00e9sident. L\u2019assembl\u00e9e g\u00e9n\u00e9rale est charg\u00e9e:\n<ol>\n<li>de l\u2019\u00e9lection du comit\u00e9 directeur<\/li>\n<li>de l\u2019\u00e9lection du tr\u00e9sorier et du r\u00e9dacteur de proc\u00e8s-verbal; une r\u00e9\u00e9lection est possible<\/li>\n<li>de la r\u00e9ception du rapport et du compte annuel<\/li>\n<li>de la d\u00e9charge du comit\u00e9 directeur<\/li>\n<li>des changements de statuts, qui n\u00e9cessitent la majorit\u00e9 des trois quarts des voix \u00e9mises<\/li>\n<li>de la d\u00e9termination du si\u00e8ge de l\u2019association<\/li>\n<li>de la fixation des cotisations<\/li>\n<li>de la nomination des membres d\u2019honneur<\/li>\n<li>de la prise de d\u00e9cision quant \u00e0 la dissolution de l\u2019association; chaque membre est responsable des dettes existantes \u00e0 hauteur maximum d\u2019une cotisation annuelle<\/li>\n<li>Approbation du proc\u00e8s verbal de l\u2019exercice pr\u00e9c\u00e9dent<\/li>\n<li>Prise de d\u00e9cision quant au recours contre une exclusion<\/li>\n<\/ol>\n<\/li>\n<\/ol>\n<\/ol>\n<p>Les prises de d\u00e9cision, les \u00e9lections, les d\u00e9charges, les fixations de cotisation et les nominations s\u2019effectuent \u00e0 la majorit\u00e9 simple des voix \u00e9mises, \u00e0 l\u2019exception des d\u00e9cisions devant \u00eatre prises selon d\u2019autres majorit\u00e9s, comme pr\u00e9vu dans les statuts.<\/p>\n<ol>\n<li>L\u2019assembl\u00e9e g\u00e9n\u00e9rale d\u00e9lib\u00e8re valablement nonobstant le nombre de voix pr\u00e9sentes. Les votes et les \u00e9lections ont lieu ouvertement ou par bulletin de vote. Elles doivent \u00eatre effectu\u00e9es par bulletin de vote si un des membres ayant le droit de vote le demande. Lors de la constatation du r\u00e9sultat de vote, les votes non-valables ainsi que les abstentions ne sont pas tenus en compte.<\/li>\n<li>Les d\u00e9cisions sont prises \u00e0 la majorit\u00e9 simple \u00e0 l\u2019exception des changements de statuts et de la dissolution de l\u2019association; ces d\u00e9cisions sont prises \u00e0 la majorit\u00e9 de trois quarts des voix \u00e9mises. Lors des votes, une \u00e9galit\u00e9 des voix requiert un ou plusieurs nouveaux tours de scrutin.<\/li>\n<li>Les requ\u00eates adress\u00e9es \u00e0 l\u2019assembl\u00e9e g\u00e9n\u00e9rale sont \u00e0 faire parvenir au premier pr\u00e9sident de l\u2019association au plus tard deux semaines avant l\u2019assembl\u00e9e g\u00e9n\u00e9rale. Le comit\u00e9 directeur d\u00e9cide si une requ\u00eate sera trait\u00e9e lors de l\u2019assembl\u00e9e g\u00e9n\u00e9rale. Il doit \u00e9galement compl\u00e9ter l\u2019ordre du jour si une ou plusieurs requ\u00eates sont sign\u00e9es par au moins 10% des membres. Une requ\u00eate demandant un changement statutaire peut uniquement \u00eatre trait\u00e9e si elle est sp\u00e9cifi\u00e9e de mani\u00e8re sp\u00e9ciale dans l\u2019ordre du jour et que le comit\u00e9 directeur a pu en d\u00e9lib\u00e9rer ant\u00e9rieurement.<\/li>\n<li>L\u2019assembl\u00e9e g\u00e9n\u00e9rale \u00e9lit le tr\u00e9sorier. L\u2019\u00e9lection peut avoir lieu \u00e0 main lev\u00e9e \u00e0 la majorit\u00e9 simple. Le mandat du tr\u00e9sorier est de quatre ans. Une r\u00e9\u00e9lection est possible.<\/li>\n<\/ol>\n<p><strong>\u00a7 11 Le comit\u00e9 directeur<\/strong><\/p>\n<p>Les membres du comit\u00e9 directeur sont:<\/p>\n<ol>\n<li>le premier pr\u00e9sident<\/li>\n<li>le deuxi\u00e8me pr\u00e9sident et<\/li>\n<li>le tr\u00e9sorier.<\/li>\n<\/ol>\n<p>L\u2019assembl\u00e9e g\u00e9n\u00e9rale \u00e9lit le comit\u00e9 directeur pour quatre ans. Une r\u00e9\u00e9lection est possible.<\/p>\n<p>Le comit\u00e9 directeur reste en charge de ses fonctions m\u00eame apr\u00e8s son mandat, jusqu\u2019\u00e0 qu\u2019un nouveau comit\u00e9 directeur soit \u00e9lu.<\/p>\n<p>Si un des membres du comit\u00e9 directeur vient \u00e0 faire d\u00e9faillance durant son mandat, la fonction en question est provisoirement assum\u00e9e par un autre membre du comit\u00e9 directeur jusqu\u2019\u00e0 la prochaine assembl\u00e9e g\u00e9n\u00e9rale.<\/p>\n<p>Le comit\u00e9 directeur est responsable de toutes les d\u00e9cisions qui ne sont pas r\u00e9serv\u00e9es \u00e0 l\u2019assembl\u00e9e g\u00e9n\u00e9rale. Le premier pr\u00e9sident d\u00e9cide en cas d\u2019\u00e9galit\u00e9 de voix.<\/p>\n<p>Le comit\u00e9 directeur d\u00e9cide \u00e0 l\u2019unanimit\u00e9 de l\u2019exclusion d\u2019un membre.<\/p>\n<p>Le comit\u00e9 directeur se compose du premier et du deuxi\u00e8me pr\u00e9sident selon le \u00a7 26 BGB (code civil allemand). Chacun d\u2019entre eux est autoris\u00e9 \u00e0 repr\u00e9senter les int\u00e9r\u00eats de l\u2019association pour toutes les d\u00e9marches judiciaires et extrajudiciaires.<\/p>\n<p>Les frais du comit\u00e9 directeur r\u00e9sultant de l\u2019exercice de ses fonctions pour l\u2019association sont revers\u00e9s aux membres du comit\u00e9 directeur par la caisse de l\u2019association.<\/p>\n<p>Un proc\u00e8s-verbal des d\u00e9cisions du comit\u00e9 directeur doit \u00eatre dress\u00e9.<\/p>\n<p><strong>\u00a7 12 Dissolution<\/strong><\/p>\n<p>La dissolution de l\u2019association peut uniquement \u00eatre d\u00e9cid\u00e9e par l\u2019assembl\u00e9e g\u00e9n\u00e9rale. Elle doit \u00eatre d\u00e9cid\u00e9e \u00e0 trois quarts des votes \u00e9mis. Cette disposition ne peut \u00eatre contourn\u00e9e par un changement pr\u00e9alable des statuts.<\/p>\n<p>La demande de dissolution doit \u00eatre fix\u00e9e de mani\u00e8re explicite dans l\u2019ordre du jour de l\u2019assembl\u00e9e g\u00e9n\u00e9rale.<\/p>\n<p>En cas de dissolution de l\u2019association ou de la perte des avantages fiscaux, le patrimoine de l\u2019association revient \u00e0 la commune de Busdorf, qui ne peut user de celui-ci qu\u2019\u00e0 des fins d\u2019utilit\u00e9 publique.<\/p>\n<p><strong>\u00a7 13 Entr\u00e9e en vigueur<\/strong><\/p>\n<p>Le statut ci-dessus \u00e0 \u00e9t\u00e9 approuv\u00e9e le 13.10.2012 et entre en vigueur lors de sa signature.<\/p>\n<p>Lors de la premi\u00e8re assembl\u00e9e g\u00e9n\u00e9rale du 01.12.2012, le \u00a7 2 des statuts a \u00e9t\u00e9 modifi\u00e9.<\/p>\n<\/div><\/div><\/div><\/section>\n<\/div>\n","protected":false},"excerpt":{"rendered":"","protected":false},"author":1,"featured_media":0,"parent":11992,"menu_order":2,"comment_status":"closed","ping_status":"open","template":"","meta":{"footnotes":""},"class_list":["post-12000","page","type-page","status-publish","hentry"],"_links":{"self":[{"href":"https:\/\/www.maine-anjou.de\/fr\/wp-json\/wp\/v2\/pages\/12000","targetHints":{"allow":["GET"]}}],"collection":[{"href":"https:\/\/www.maine-anjou.de\/fr\/wp-json\/wp\/v2\/pages"}],"about":[{"href":"https:\/\/www.maine-anjou.de\/fr\/wp-json\/wp\/v2\/types\/page"}],"author":[{"embeddable":true,"href":"https:\/\/www.maine-anjou.de\/fr\/wp-json\/wp\/v2\/users\/1"}],"replies":[{"embeddable":true,"href":"https:\/\/www.maine-anjou.de\/fr\/wp-json\/wp\/v2\/comments?post=12000"}],"version-history":[{"count":3,"href":"https:\/\/www.maine-anjou.de\/fr\/wp-json\/wp\/v2\/pages\/12000\/revisions"}],"predecessor-version":[{"id":12243,"href":"https:\/\/www.maine-anjou.de\/fr\/wp-json\/wp\/v2\/pages\/12000\/revisions\/12243"}],"up":[{"embeddable":true,"href":"https:\/\/www.maine-anjou.de\/fr\/wp-json\/wp\/v2\/pages\/11992"}],"wp:attachment":[{"href":"https:\/\/www.maine-anjou.de\/fr\/wp-json\/wp\/v2\/media?parent=12000"}],"curies":[{"name":"wp","href":"https:\/\/api.w.org\/{rel}","templated":true}]}}