{"id":11984,"date":"2015-01-21T13:54:09","date_gmt":"2015-01-21T12:54:09","guid":{"rendered":"http:\/\/www.maine-anjou.de\/?page_id=11984"},"modified":"2019-11-15T15:11:56","modified_gmt":"2019-11-15T14:11:56","slug":"galerie-photo","status":"publish","type":"page","link":"https:\/\/www.maine-anjou.de\/fr\/galerie-photo.html","title":{"rendered":"Galerie photo"},"content":{"rendered":"\n<style type=\"text\/css\" data-created_by=\"avia_inline_auto\" id=\"style-css-av-av_heading-138698a0cea0fa23b904c377e083d7b7\">\n#top .av-special-heading.av-av_heading-138698a0cea0fa23b904c377e083d7b7{\npadding-bottom:10px;\n}\nbody .av-special-heading.av-av_heading-138698a0cea0fa23b904c377e083d7b7 .av-special-heading-tag .heading-char{\nfont-size:25px;\n}\n.av-special-heading.av-av_heading-138698a0cea0fa23b904c377e083d7b7 .av-subheading{\nfont-size:15px;\n}\n<\/style>\n<div  class='av-special-heading av-av_heading-138698a0cea0fa23b904c377e083d7b7 av-special-heading-h2  avia-builder-el-0  el_before_av_one_full  avia-builder-el-first '><h2 class='av-special-heading-tag'  itemprop=\"headline\"  >Des r\u00e9ussites d\u2019\u00e9levage Maine-Anjou<\/h2><div class=\"special-heading-border\"><div class=\"special-heading-inner-border\"><\/div><\/div><\/div>\n<div  class='flex_column av-1cyo6ts-62f3ec23de652d01b014cd2ee9aa8ecd av_one_full  avia-builder-el-1  el_after_av_heading  avia-builder-el-last  first flex_column_div  '     ><p>\n<style type=\"text\/css\" data-created_by=\"avia_inline_auto\" id=\"style-css-av-llzdf4-71f1e5313e065ecf904edd30c68fce5a\">\n.avia-image-container.av-llzdf4-71f1e5313e065ecf904edd30c68fce5a img.avia_image{\nbox-shadow:none;\n}\n.avia-image-container.av-llzdf4-71f1e5313e065ecf904edd30c68fce5a .av-image-caption-overlay-center{\ncolor:#ffffff;\n}\n<\/style>\n<div  class='avia-image-container av-llzdf4-71f1e5313e065ecf904edd30c68fce5a av-styling- avia-align-center  avia-builder-el-2  el_before_av_hr  avia-builder-el-first '   itemprop=\"image\" itemscope=\"itemscope\" itemtype=\"https:\/\/schema.org\/ImageObject\" ><div class=\"avia-image-container-inner\"><div class=\"avia-image-overlay-wrap\"><img class='avia_image ' src='https:\/\/www.maine-anjou.de\/ma\/assets\/2012\/11\/galerien.jpg' alt='' title='Maine-Anjou Galerien'  height=\"321\" width=\"845\"  itemprop=\"thumbnailUrl\"  \/><\/div><\/div><\/div><br \/>\n\n<style type=\"text\/css\" data-created_by=\"avia_inline_auto\" id=\"style-css-av-k30811rt-0d01fadf9ca65fb7924f4c324741b63c\">\n#top .hr.hr-invisible.av-k30811rt-0d01fadf9ca65fb7924f4c324741b63c{\nheight:50px;\n}\n<\/style>\n<div  class='hr av-k30811rt-0d01fadf9ca65fb7924f4c324741b63c hr-invisible  avia-builder-el-3  el_after_av_image  el_before_av_portfolio  avia-builder-el-last '><span class='hr-inner '><span class=\"hr-inner-style\"><\/span><\/span><\/div><br \/>\n<div  id=\"av-sc-portfolio-1\"  class=\"av-portfolio-grid-sorting-container\"><div class='sort_width_container  av-sort-yes' data-portfolio-id='1' ><div id='js_sort_items' ><div class='sort_by_cat '><a href=\"#\" data-filter=\"all_sort\" class=\"all_sort_button active_sort\"><span class=\"inner_sort_button\"><span>Tout<\/span><small class=\"av-cat-count\"> 9 <\/small><\/span><\/a><span class=\"text-sep assemblees-generales_sort_sep\">\/<\/span><a href=\"#\" data-filter=\"assemblees-generales_sort\" class=\"assemblees-generales_sort_button\" ><span class=\"inner_sort_button\"><span>Assembl\u00e9es g\u00e9n\u00e9rales<\/span><small class=\"av-cat-count\"> 3 <\/small><\/span><\/a><span class=\"text-sep concours_sort_sep\">\/<\/span><a href=\"#\" data-filter=\"concours_sort\" class=\"concours_sort_button\" ><span class=\"inner_sort_button\"><span>Concours<\/span><small class=\"av-cat-count\"> 2 <\/small><\/span><\/a><span class=\"text-sep ferme-otzen_sort_sep\">\/<\/span><a href=\"#\" data-filter=\"ferme-otzen_sort\" class=\"ferme-otzen_sort_button\" ><span class=\"inner_sort_button\"><span>Ferme Otzen<\/span><small class=\"av-cat-count\"> 1 <\/small><\/span><\/a><span class=\"text-sep taureaux_sort_sep\">\/<\/span><a href=\"#\" data-filter=\"taureaux_sort\" class=\"taureaux_sort_button\" ><span class=\"inner_sort_button\"><span>Taureaux<\/span><small class=\"av-cat-count\"> 1 <\/small><\/span><\/a><span class=\"text-sep vaches_sort_sep\">\/<\/span><a href=\"#\" data-filter=\"vaches_sort\" class=\"vaches_sort_button\" ><span class=\"inner_sort_button\"><span>Vaches<\/span><small class=\"av-cat-count\"> 1 <\/small><\/span><\/a><span class=\"text-sep veaux_sort_sep\">\/<\/span><a href=\"#\" data-filter=\"veaux_sort\" class=\"veaux_sort_button\" ><span class=\"inner_sort_button\"><span>Veaux<\/span><small class=\"av-cat-count\"> 1 <\/small><\/span><\/a><\/div><\/div><\/div><div  class=' grid-sort-container isotope   no_margin-container with-title-container grid-total-odd grid-col-4 grid-links-' data-portfolio-id='1'><div data-ajax-id='13453' class=' grid-entry flex_column isotope-item all_sort no_margin post-entry post-entry-13453 grid-entry-overview grid-loop-1 grid-parity-odd  assemblees-generales_sort  av_one_fourth first default_av_fullwidth '><article class='main_color inner-entry'  itemscope=\"itemscope\" itemtype=\"https:\/\/schema.org\/CreativeWork\" ><a href=\"https:\/\/www.maine-anjou.de\/fr\/galerien\/assemblees-generales-2017\" title='Assembl\u00e9es g\u00e9n\u00e9rales 2017'  data-rel='grid-1' class='grid-image avia-hover-fx'> <img decoding=\"async\" width=\"495\" height=\"290\" src=\"https:\/\/www.maine-anjou.de\/ma\/assets\/2017\/07\/IMG_9824-beitrag-760-495x290.jpg\" class=\"attachment-portfolio size-portfolio wp-post-image\" alt=\"\" \/><\/a><div class='grid-content'><div class='avia-arrow'><\/div><header class=\"entry-content-header\"><h3 class='grid-entry-title entry-title '  itemprop=\"headline\" ><a href='https:\/\/www.maine-anjou.de\/fr\/galerien\/assemblees-generales-2017' title='Assembl\u00e9es g\u00e9n\u00e9rales 2017'>Assembl\u00e9es g\u00e9n\u00e9rales 2017<\/a><\/h3><\/header><\/div><footer class=\"entry-footer\"><\/footer><\/article><\/div><div data-ajax-id='13225' class=' grid-entry flex_column isotope-item all_sort no_margin post-entry post-entry-13225 grid-entry-overview grid-loop-2 grid-parity-even  ferme-otzen_sort  av_one_fourth  default_av_fullwidth '><article class='main_color inner-entry'  itemscope=\"itemscope\" itemtype=\"https:\/\/schema.org\/CreativeWork\" ><a href=\"https:\/\/www.maine-anjou.de\/fr\/galerien\/biohof-haithabu\" title='Biohof Haithabu'  data-rel='grid-1' class='grid-image avia-hover-fx'> <img decoding=\"async\" width=\"495\" height=\"400\" src=\"https:\/\/www.maine-anjou.de\/ma\/assets\/2017\/01\/IMG_9467-1000-495x400.jpg\" class=\"attachment-portfolio size-portfolio wp-post-image\" alt=\"Grazing in freezing weather, Biohof Haithabu\" \/><\/a><div class='grid-content'><div class='avia-arrow'><\/div><header class=\"entry-content-header\"><h3 class='grid-entry-title entry-title '  itemprop=\"headline\" ><a href='https:\/\/www.maine-anjou.de\/fr\/galerien\/biohof-haithabu' title='Biohof Haithabu'>Biohof Haithabu<\/a><\/h3><\/header><\/div><footer class=\"entry-footer\"><\/footer><\/article><\/div><div data-ajax-id='12501' class=' grid-entry flex_column isotope-item all_sort no_margin post-entry post-entry-12501 grid-entry-overview grid-loop-3 grid-parity-odd  assemblees-generales_sort  av_one_fourth  default_av_fullwidth '><article class='main_color inner-entry'  itemscope=\"itemscope\" itemtype=\"https:\/\/schema.org\/CreativeWork\" ><a href=\"https:\/\/www.maine-anjou.de\/fr\/galerien\/assemblees-generales-2015\" title='Assembl\u00e9es g\u00e9n\u00e9rales 2015'  data-rel='grid-1' class='grid-image avia-hover-fx'> <img decoding=\"async\" width=\"495\" height=\"400\" src=\"https:\/\/www.maine-anjou.de\/ma\/assets\/2015\/07\/jhv-2015-mitglieder-495x400.jpg\" class=\"attachment-portfolio size-portfolio wp-post-image\" alt=\"Assembl\u00e9es g\u00e9n\u00e9rales 2015 \u00e0 Duisburg\" \/><\/a><div class='grid-content'><div class='avia-arrow'><\/div><header class=\"entry-content-header\"><h3 class='grid-entry-title entry-title '  itemprop=\"headline\" ><a href='https:\/\/www.maine-anjou.de\/fr\/galerien\/assemblees-generales-2015' title='Assembl\u00e9es g\u00e9n\u00e9rales 2015'>Assembl\u00e9es g\u00e9n\u00e9rales 2015<\/a><\/h3><\/header><\/div><footer class=\"entry-footer\"><\/footer><\/article><\/div><div data-ajax-id='12408' class=' grid-entry flex_column isotope-item all_sort no_margin post-entry post-entry-12408 grid-entry-overview grid-loop-4 grid-parity-even  concours_sort  av_one_fourth  default_av_fullwidth '><article class='main_color inner-entry'  itemscope=\"itemscope\" itemtype=\"https:\/\/schema.org\/CreativeWork\" ><a href=\"https:\/\/www.maine-anjou.de\/fr\/galerien\/le-3eme-salon-agricole-agrimax-metz\" title='Le 3\u00e8me Salon Agricole Agrimax Metz'  data-rel='grid-1' class='grid-image avia-hover-fx'> <img decoding=\"async\" width=\"495\" height=\"400\" src=\"https:\/\/www.maine-anjou.de\/ma\/assets\/2015\/02\/maine-anjou-vorstand-d-f-agrimax-11-2014-metz-495x400.jpg\" class=\"attachment-portfolio size-portfolio wp-post-image\" alt=\"Directoire de la Maine-Anjou associations France et l&#039;Allemagne sur 11\/7\/2014 sur le Salon Agricole Agrimax Metz\" \/><\/a><div class='grid-content'><div class='avia-arrow'><\/div><header class=\"entry-content-header\"><h3 class='grid-entry-title entry-title '  itemprop=\"headline\" ><a href='https:\/\/www.maine-anjou.de\/fr\/galerien\/le-3eme-salon-agricole-agrimax-metz' title='Le 3\u00e8me Salon Agricole Agrimax Metz'>Le 3\u00e8me Salon Agricole Agrimax Metz<\/a><\/h3><\/header><\/div><footer class=\"entry-footer\"><\/footer><\/article><\/div><div data-ajax-id='12061' class=' grid-entry flex_column isotope-item all_sort no_margin post-entry post-entry-12061 grid-entry-overview grid-loop-5 grid-parity-odd  assemblees-generales_sort  av_one_fourth first default_av_fullwidth '><article class='main_color inner-entry'  itemscope=\"itemscope\" itemtype=\"https:\/\/schema.org\/CreativeWork\" ><a href=\"https:\/\/www.maine-anjou.de\/fr\/galerien\/assemblees-generales\" title='Assembl\u00e9es g\u00e9n\u00e9rales 2014'  data-rel='grid-1' class='grid-image avia-hover-fx'> <img decoding=\"async\" width=\"495\" height=\"400\" src=\"https:\/\/www.maine-anjou.de\/ma\/assets\/2015\/01\/img_1188-1-a-copy-495x400.jpg\" class=\"attachment-portfolio size-portfolio wp-post-image\" alt=\"Assembl\u00e9e G\u00e9n\u00e9rale 2014 \u00e0 la ferme Wiesmann \u00e0 Detmold\" \/><\/a><div class='grid-content'><div class='avia-arrow'><\/div><header class=\"entry-content-header\"><h3 class='grid-entry-title entry-title '  itemprop=\"headline\" ><a href='https:\/\/www.maine-anjou.de\/fr\/galerien\/assemblees-generales' title='Assembl\u00e9es g\u00e9n\u00e9rales 2014'>Assembl\u00e9es g\u00e9n\u00e9rales 2014<\/a><\/h3><\/header><\/div><footer class=\"entry-footer\"><\/footer><\/article><\/div><div data-ajax-id='12059' class=' grid-entry flex_column isotope-item all_sort no_margin post-entry post-entry-12059 grid-entry-overview grid-loop-6 grid-parity-even  concours_sort  av_one_fourth  default_av_fullwidth '><article class='main_color inner-entry'  itemscope=\"itemscope\" itemtype=\"https:\/\/schema.org\/CreativeWork\" ><a href=\"https:\/\/www.maine-anjou.de\/fr\/galerien\/concours\" title='Concours'  data-rel='grid-1' class='grid-image avia-hover-fx'> <img decoding=\"async\" width=\"495\" height=\"400\" src=\"https:\/\/www.maine-anjou.de\/ma\/assets\/2015\/01\/sia-messe-paris-2013-495x400.jpg\" class=\"attachment-portfolio size-portfolio wp-post-image\" alt=\"Vache Maine-Anjou lors de l\u2019exposition SIA Messe \u00e0 Paris en 2013\" \/><\/a><div class='grid-content'><div class='avia-arrow'><\/div><header class=\"entry-content-header\"><h3 class='grid-entry-title entry-title '  itemprop=\"headline\" ><a href='https:\/\/www.maine-anjou.de\/fr\/galerien\/concours' title='Concours'>Concours<\/a><\/h3><\/header><\/div><footer class=\"entry-footer\"><\/footer><\/article><\/div><div data-ajax-id='12057' class=' grid-entry flex_column isotope-item all_sort no_margin post-entry post-entry-12057 grid-entry-overview grid-loop-7 grid-parity-odd  veaux_sort  av_one_fourth  default_av_fullwidth '><article class='main_color inner-entry'  itemscope=\"itemscope\" itemtype=\"https:\/\/schema.org\/CreativeWork\" ><a href=\"https:\/\/www.maine-anjou.de\/fr\/galerien\/veaux\" title='Veaux'  data-rel='grid-1' class='grid-image avia-hover-fx'> <img decoding=\"async\" width=\"495\" height=\"400\" src=\"https:\/\/www.maine-anjou.de\/ma\/assets\/2015\/01\/weibl-absetzer-wiesmann-130525-495x400.jpg\" class=\"attachment-portfolio size-portfolio wp-post-image\" alt=\"Veau sevr\u00e9 femelle Ferme Wiesmann, Detmold\" \/><\/a><div class='grid-content'><div class='avia-arrow'><\/div><header class=\"entry-content-header\"><h3 class='grid-entry-title entry-title '  itemprop=\"headline\" ><a href='https:\/\/www.maine-anjou.de\/fr\/galerien\/veaux' title='Veaux'>Veaux<\/a><\/h3><\/header><\/div><footer class=\"entry-footer\"><\/footer><\/article><\/div><div data-ajax-id='12055' class=' grid-entry flex_column isotope-item all_sort no_margin post-entry post-entry-12055 grid-entry-overview grid-loop-8 grid-parity-even  vaches_sort  av_one_fourth  default_av_fullwidth '><article class='main_color inner-entry'  itemscope=\"itemscope\" itemtype=\"https:\/\/schema.org\/CreativeWork\" ><a href=\"https:\/\/www.maine-anjou.de\/fr\/galerien\/vaches\" title='Vaches'  data-rel='grid-1' class='grid-image avia-hover-fx'> <img decoding=\"async\" width=\"495\" height=\"400\" src=\"https:\/\/www.maine-anjou.de\/ma\/assets\/2015\/01\/IMG-20140708-WA0005-495x400.jpg\" class=\"attachment-portfolio size-portfolio wp-post-image\" alt=\"Propri\u00e9taire: Ferme Reinecke, Welver\" \/><\/a><div class='grid-content'><div class='avia-arrow'><\/div><header class=\"entry-content-header\"><h3 class='grid-entry-title entry-title '  itemprop=\"headline\" ><a href='https:\/\/www.maine-anjou.de\/fr\/galerien\/vaches' title='Vaches'>Vaches<\/a><\/h3><\/header><\/div><footer class=\"entry-footer\"><\/footer><\/article><\/div><div data-ajax-id='12053' class=' grid-entry flex_column isotope-item all_sort no_margin post-entry post-entry-12053 grid-entry-overview grid-loop-9 grid-parity-odd  post-entry-last  taureaux_sort  av_one_fourth first default_av_fullwidth '><article class='main_color inner-entry'  itemscope=\"itemscope\" itemtype=\"https:\/\/schema.org\/CreativeWork\" ><a href=\"https:\/\/www.maine-anjou.de\/fr\/galerien\/taureaux\" title='Taureaux'  data-rel='grid-1' class='grid-image avia-hover-fx'> <img decoding=\"async\" width=\"378\" height=\"318\" src=\"https:\/\/www.maine-anjou.de\/ma\/assets\/2012\/11\/maine-anjou-bulle.jpg\" class=\"attachment-portfolio size-portfolio wp-post-image\" alt=\"\" \/><\/a><div class='grid-content'><div class='avia-arrow'><\/div><header class=\"entry-content-header\"><h3 class='grid-entry-title entry-title '  itemprop=\"headline\" ><a href='https:\/\/www.maine-anjou.de\/fr\/galerien\/taureaux' title='Taureaux'>Taureaux<\/a><\/h3><\/header><\/div><footer class=\"entry-footer\"><\/footer><\/article><\/div><\/div><\/div>   <!--   class=\"av-portfolio-grid-sorting-container\"  --><\/p><\/div>\n","protected":false},"excerpt":{"rendered":"","protected":false},"author":1,"featured_media":0,"parent":0,"menu_order":5,"comment_status":"closed","ping_status":"closed","template":"","meta":{"footnotes":""},"class_list":["post-11984","page","type-page","status-publish","hentry"],"_links":{"self":[{"href":"https:\/\/www.maine-anjou.de\/fr\/wp-json\/wp\/v2\/pages\/11984","targetHints":{"allow":["GET"]}}],"collection":[{"href":"https:\/\/www.maine-anjou.de\/fr\/wp-json\/wp\/v2\/pages"}],"about":[{"href":"https:\/\/www.maine-anjou.de\/fr\/wp-json\/wp\/v2\/types\/page"}],"author":[{"embeddable":true,"href":"https:\/\/www.maine-anjou.de\/fr\/wp-json\/wp\/v2\/users\/1"}],"replies":[{"embeddable":true,"href":"https:\/\/www.maine-anjou.de\/fr\/wp-json\/wp\/v2\/comments?post=11984"}],"version-history":[{"count":3,"href":"https:\/\/www.maine-anjou.de\/fr\/wp-json\/wp\/v2\/pages\/11984\/revisions"}],"predecessor-version":[{"id":14383,"href":"https:\/\/www.maine-anjou.de\/fr\/wp-json\/wp\/v2\/pages\/11984\/revisions\/14383"}],"wp:attachment":[{"href":"https:\/\/www.maine-anjou.de\/fr\/wp-json\/wp\/v2\/media?parent=11984"}],"curies":[{"name":"wp","href":"https:\/\/api.w.org\/{rel}","templated":true}]}}