{"id":11976,"date":"2015-01-21T13:52:02","date_gmt":"2015-01-21T12:52:02","guid":{"rendered":"http:\/\/www.maine-anjou.de\/?page_id=11976"},"modified":"2019-11-15T15:07:50","modified_gmt":"2019-11-15T14:07:50","slug":"actualite","status":"publish","type":"page","link":"https:\/\/www.maine-anjou.de\/fr\/actualite.html","title":{"rendered":"Actualit\u00e9"},"content":{"rendered":"\n<style type=\"text\/css\" data-created_by=\"avia_inline_auto\" id=\"style-css-av-k307vrop-99a6d4f9508f544d1a5dcc30121418b8\">\n#top .av-special-heading.av-k307vrop-99a6d4f9508f544d1a5dcc30121418b8{\nmargin:0 0 30px 0;\npadding-bottom:10px;\n}\nbody .av-special-heading.av-k307vrop-99a6d4f9508f544d1a5dcc30121418b8 .av-special-heading-tag .heading-char{\nfont-size:25px;\n}\n.av-special-heading.av-k307vrop-99a6d4f9508f544d1a5dcc30121418b8 .av-subheading{\nfont-size:15px;\n}\n<\/style>\n<div  class='av-special-heading av-k307vrop-99a6d4f9508f544d1a5dcc30121418b8 av-special-heading-h2  avia-builder-el-0  el_before_av_blog  avia-builder-el-first '><h2 class='av-special-heading-tag'  itemprop=\"headline\"  >Actualit\u00e9<\/h2><div class=\"special-heading-border\"><div class=\"special-heading-inner-border\"><\/div><\/div><\/div>\n<div  class='av-alb-blogposts template-blog  av-blog-meta-author-disabled av-blog-meta-comments-disabled av-blog-meta-category-disabled av-blog-meta-html-info-disabled av_force_fullwidth '  itemscope=\"itemscope\" itemtype=\"https:\/\/schema.org\/Blog\" ><article class=\"post-entry post-entry-type-standard post-entry-15230 post-loop-1 post-parity-odd bloglist-excerpt with-slider post-15230 post type-post status-publish format-standard has-post-thumbnail hentry category-allgemein-fr category-evenements\"  itemscope=\"itemscope\" itemtype=\"https:\/\/schema.org\/BlogPosting\" ><div class=\"blog-meta\"><\/div><div class='entry-content-wrapper clearfix standard-content'><header class=\"entry-content-header\"><h2 class='post-title entry-title '  itemprop=\"headline\" ><a href=\"https:\/\/www.maine-anjou.de\/fr\/2024\/07\/15\/13eme-assemblee-generale-avec-visite-dentreprise-a-steinfurt\" rel=\"bookmark\" title=\"Lien permanent : 13\u00e8me Assembl\u00e9e G\u00e9n\u00e9rale avec visite d&rsquo;entreprise \u00e0 Steinfurt\">13\u00e8me Assembl\u00e9e G\u00e9n\u00e9rale avec visite d&rsquo;entreprise \u00e0 Steinfurt<span class=\"post-format-icon minor-meta\"><\/span><\/a><\/h2><span class=\"post-meta-infos\"><time class=\"date-container minor-meta updated\"  itemprop=\"datePublished\" datetime=\"2024-07-15T12:06:31+02:00\" >15 juillet 2024<\/time><\/span><\/header><div class=\"read-more-link\"><a href=\"https:\/\/www.maine-anjou.de\/fr\/2024\/07\/15\/13eme-assemblee-generale-avec-visite-dentreprise-a-steinfurt\" class=\"more-link\">Lire la suite<span class=\"more-link-arrow\"><\/span><\/a><\/div><footer class=\"entry-footer\"><\/footer><div class='post_delimiter'><\/div><\/div><div class=\"post_author_timeline\"><\/div><span class='hidden'>\n\t\t\t\t<span class='av-structured-data'  itemprop=\"image\" itemscope=\"itemscope\" itemtype=\"https:\/\/schema.org\/ImageObject\" >\n\t\t\t\t\t\t<span itemprop='url'>https:\/\/www.maine-anjou.de\/ma\/assets\/2024\/07\/maine-anjou-mgv-15-06-2024-a.webp<\/span>\n\t\t\t\t\t\t<span itemprop='height'>750<\/span>\n\t\t\t\t\t\t<span itemprop='width'>1000<\/span>\n\t\t\t\t<\/span>\n\t\t\t\t<span class='av-structured-data'  itemprop=\"publisher\" itemtype=\"https:\/\/schema.org\/Organization\" itemscope=\"itemscope\" >\n\t\t\t\t\t\t<span itemprop='name'>mediaoffice-rs<\/span>\n\t\t\t\t\t\t<span itemprop='logo' itemscope itemtype='https:\/\/schema.org\/ImageObject'>\n\t\t\t\t\t\t\t<span itemprop='url'>https:\/\/www.maine-anjou.de\/ma\/assets\/2016\/09\/logo-maine-anjou-verband-25.png<\/span>\n\t\t\t\t\t\t<\/span>\n\t\t\t\t<\/span><span class='av-structured-data'  itemprop=\"author\" itemscope=\"itemscope\" itemtype=\"https:\/\/schema.org\/Person\" ><span itemprop='name'>mediaoffice-rs<\/span><\/span><span class='av-structured-data'  itemprop=\"datePublished\" datetime=\"2024-07-15T12:06:31+02:00\" >2024-07-15 12:06:31<\/span><span class='av-structured-data'  itemprop=\"dateModified\" itemtype=\"https:\/\/schema.org\/dateModified\" >2024-07-15 12:06:31<\/span><span class='av-structured-data'  itemprop=\"mainEntityOfPage\" itemtype=\"https:\/\/schema.org\/mainEntityOfPage\" ><span itemprop='name'>13\u00e8me Assembl\u00e9e G\u00e9n\u00e9rale avec visite d&rsquo;entreprise \u00e0 Steinfurt<\/span><\/span><\/span><\/article><article class=\"post-entry post-entry-type-standard post-entry-15000 post-loop-2 post-parity-even bloglist-excerpt with-slider post-15000 post type-post status-publish format-standard has-post-thumbnail hentry category-elevage-sujets\"  itemscope=\"itemscope\" itemtype=\"https:\/\/schema.org\/BlogPosting\" ><div class=\"blog-meta\"><\/div><div class='entry-content-wrapper clearfix standard-content'><header class=\"entry-content-header\"><h2 class='post-title entry-title '  itemprop=\"headline\" ><a href=\"https:\/\/www.maine-anjou.de\/fr\/2022\/04\/05\/stationspruefung-des-maine-anjou-bullen-ben\" rel=\"bookmark\" title=\"Lien permanent : Stationspr\u00fcfung des Maine-Anjou Bullen BEN\">Stationspr\u00fcfung des Maine-Anjou Bullen BEN<span class=\"post-format-icon minor-meta\"><\/span><\/a><\/h2><span class=\"post-meta-infos\"><time class=\"date-container minor-meta updated\"  itemprop=\"datePublished\" datetime=\"2022-04-05T10:43:40+02:00\" >5 avril 2022<\/time><\/span><\/header><div class=\"read-more-link\"><a href=\"https:\/\/www.maine-anjou.de\/fr\/2022\/04\/05\/stationspruefung-des-maine-anjou-bullen-ben\" class=\"more-link\">Lire la suite<span class=\"more-link-arrow\"><\/span><\/a><\/div><footer class=\"entry-footer\"><\/footer><div class='post_delimiter'><\/div><\/div><div class=\"post_author_timeline\"><\/div><span class='hidden'>\n\t\t\t\t<span class='av-structured-data'  itemprop=\"image\" itemscope=\"itemscope\" itemtype=\"https:\/\/schema.org\/ImageObject\" >\n\t\t\t\t\t\t<span itemprop='url'>https:\/\/www.maine-anjou.de\/ma\/assets\/2016\/09\/logo-maine-anjou-verband-25.png<\/span>\n\t\t\t\t\t\t<span itemprop='height'>204<\/span>\n\t\t\t\t\t\t<span itemprop='width'>250<\/span>\n\t\t\t\t<\/span>\n\t\t\t\t<span class='av-structured-data'  itemprop=\"publisher\" itemtype=\"https:\/\/schema.org\/Organization\" itemscope=\"itemscope\" >\n\t\t\t\t\t\t<span itemprop='name'>mediaoffice-rs<\/span>\n\t\t\t\t\t\t<span itemprop='logo' itemscope itemtype='https:\/\/schema.org\/ImageObject'>\n\t\t\t\t\t\t\t<span itemprop='url'>https:\/\/www.maine-anjou.de\/ma\/assets\/2016\/09\/logo-maine-anjou-verband-25.png<\/span>\n\t\t\t\t\t\t<\/span>\n\t\t\t\t<\/span><span class='av-structured-data'  itemprop=\"author\" itemscope=\"itemscope\" itemtype=\"https:\/\/schema.org\/Person\" ><span itemprop='name'>mediaoffice-rs<\/span><\/span><span class='av-structured-data'  itemprop=\"datePublished\" datetime=\"2022-04-05T10:43:40+02:00\" >2022-04-05 10:43:40<\/span><span class='av-structured-data'  itemprop=\"dateModified\" itemtype=\"https:\/\/schema.org\/dateModified\" >2022-04-05 10:43:40<\/span><span class='av-structured-data'  itemprop=\"mainEntityOfPage\" itemtype=\"https:\/\/schema.org\/mainEntityOfPage\" ><span itemprop='name'>Stationspr\u00fcfung des Maine-Anjou Bullen BEN<\/span><\/span><\/span><\/article><article class=\"post-entry post-entry-type-standard post-entry-14605 post-loop-3 post-parity-odd bloglist-excerpt with-slider post-14605 post type-post status-publish format-standard has-post-thumbnail hentry category-allgemein-fr category-evenements\"  itemscope=\"itemscope\" itemtype=\"https:\/\/schema.org\/BlogPosting\" ><div class=\"blog-meta\"><\/div><div class='entry-content-wrapper clearfix standard-content'><header class=\"entry-content-header\"><h2 class='post-title entry-title '  itemprop=\"headline\" ><a href=\"https:\/\/www.maine-anjou.de\/fr\/2020\/03\/09\/rapport-dans-le-fleischrinderjournal-01-2020\" rel=\"bookmark\" title=\"Lien permanent : Rapport dans le Fleischrinderjournal 01-2020\">Rapport dans le Fleischrinderjournal 01-2020<span class=\"post-format-icon minor-meta\"><\/span><\/a><\/h2><span class=\"post-meta-infos\"><time class=\"date-container minor-meta updated\"  itemprop=\"datePublished\" datetime=\"2020-03-09T14:15:04+01:00\" >9 mars 2020<\/time><\/span><\/header><div class=\"read-more-link\"><a href=\"https:\/\/www.maine-anjou.de\/fr\/2020\/03\/09\/rapport-dans-le-fleischrinderjournal-01-2020\" class=\"more-link\">Lire la suite<span class=\"more-link-arrow\"><\/span><\/a><\/div><footer class=\"entry-footer\"><\/footer><div class='post_delimiter'><\/div><\/div><div class=\"post_author_timeline\"><\/div><span class='hidden'>\n\t\t\t\t<span class='av-structured-data'  itemprop=\"image\" itemscope=\"itemscope\" itemtype=\"https:\/\/schema.org\/ImageObject\" >\n\t\t\t\t\t\t<span itemprop='url'>https:\/\/www.maine-anjou.de\/ma\/assets\/2020\/03\/frj-01-2020.jpg<\/span>\n\t\t\t\t\t\t<span itemprop='height'>828<\/span>\n\t\t\t\t\t\t<span itemprop='width'>735<\/span>\n\t\t\t\t<\/span>\n\t\t\t\t<span class='av-structured-data'  itemprop=\"publisher\" itemtype=\"https:\/\/schema.org\/Organization\" itemscope=\"itemscope\" >\n\t\t\t\t\t\t<span itemprop='name'>mediaoffice-rs<\/span>\n\t\t\t\t\t\t<span itemprop='logo' itemscope itemtype='https:\/\/schema.org\/ImageObject'>\n\t\t\t\t\t\t\t<span itemprop='url'>https:\/\/www.maine-anjou.de\/ma\/assets\/2016\/09\/logo-maine-anjou-verband-25.png<\/span>\n\t\t\t\t\t\t<\/span>\n\t\t\t\t<\/span><span class='av-structured-data'  itemprop=\"author\" itemscope=\"itemscope\" itemtype=\"https:\/\/schema.org\/Person\" ><span itemprop='name'>mediaoffice-rs<\/span><\/span><span class='av-structured-data'  itemprop=\"datePublished\" datetime=\"2020-03-09T14:15:04+01:00\" >2020-03-09 14:15:04<\/span><span class='av-structured-data'  itemprop=\"dateModified\" itemtype=\"https:\/\/schema.org\/dateModified\" >2020-03-09 14:20:55<\/span><span class='av-structured-data'  itemprop=\"mainEntityOfPage\" itemtype=\"https:\/\/schema.org\/mainEntityOfPage\" ><span itemprop='name'>Rapport dans le Fleischrinderjournal 01-2020<\/span><\/span><\/span><\/article><article class=\"post-entry post-entry-type-standard post-entry-14315 post-loop-4 post-parity-even bloglist-excerpt with-slider post-14315 post type-post status-publish format-standard has-post-thumbnail hentry category-evenements\"  itemscope=\"itemscope\" itemtype=\"https:\/\/schema.org\/BlogPosting\" ><div class=\"blog-meta\"><\/div><div class='entry-content-wrapper clearfix standard-content'><header class=\"entry-content-header\"><h2 class='post-title entry-title '  itemprop=\"headline\" ><a href=\"https:\/\/www.maine-anjou.de\/fr\/2019\/10\/02\/8eme-assemblee-generale-et-visite-de-lexploitation-a-calembourg\" rel=\"bookmark\" title=\"Lien permanent : 8\u00e8me Assembl\u00e9e G\u00e9n\u00e9rale et visite de l\u2019exploitation \u00e0 Calembourg\">8\u00e8me Assembl\u00e9e G\u00e9n\u00e9rale et visite de l\u2019exploitation \u00e0 Calembourg<span class=\"post-format-icon minor-meta\"><\/span><\/a><\/h2><span class=\"post-meta-infos\"><time class=\"date-container minor-meta updated\"  itemprop=\"datePublished\" datetime=\"2019-10-02T15:44:55+02:00\" >2 octobre 2019<\/time><\/span><\/header><div class=\"read-more-link\"><a href=\"https:\/\/www.maine-anjou.de\/fr\/2019\/10\/02\/8eme-assemblee-generale-et-visite-de-lexploitation-a-calembourg\" class=\"more-link\">Lire la suite<span class=\"more-link-arrow\"><\/span><\/a><\/div><footer class=\"entry-footer\"><\/footer><div class='post_delimiter'><\/div><\/div><div class=\"post_author_timeline\"><\/div><span class='hidden'>\n\t\t\t\t<span class='av-structured-data'  itemprop=\"image\" itemscope=\"itemscope\" itemtype=\"https:\/\/schema.org\/ImageObject\" >\n\t\t\t\t\t\t<span itemprop='url'>https:\/\/www.maine-anjou.de\/ma\/assets\/2019\/10\/8-JHV-MAVD-2019-06-15-Teilnehmer-JHV-1000.jpg<\/span>\n\t\t\t\t\t\t<span itemprop='height'>667<\/span>\n\t\t\t\t\t\t<span itemprop='width'>1000<\/span>\n\t\t\t\t<\/span>\n\t\t\t\t<span class='av-structured-data'  itemprop=\"publisher\" itemtype=\"https:\/\/schema.org\/Organization\" itemscope=\"itemscope\" >\n\t\t\t\t\t\t<span itemprop='name'>mediaoffice-rs<\/span>\n\t\t\t\t\t\t<span itemprop='logo' itemscope itemtype='https:\/\/schema.org\/ImageObject'>\n\t\t\t\t\t\t\t<span itemprop='url'>https:\/\/www.maine-anjou.de\/ma\/assets\/2016\/09\/logo-maine-anjou-verband-25.png<\/span>\n\t\t\t\t\t\t<\/span>\n\t\t\t\t<\/span><span class='av-structured-data'  itemprop=\"author\" itemscope=\"itemscope\" itemtype=\"https:\/\/schema.org\/Person\" ><span itemprop='name'>mediaoffice-rs<\/span><\/span><span class='av-structured-data'  itemprop=\"datePublished\" datetime=\"2019-10-02T15:44:55+02:00\" >2019-10-02 15:44:55<\/span><span class='av-structured-data'  itemprop=\"dateModified\" itemtype=\"https:\/\/schema.org\/dateModified\" >2019-10-02 15:44:55<\/span><span class='av-structured-data'  itemprop=\"mainEntityOfPage\" itemtype=\"https:\/\/schema.org\/mainEntityOfPage\" ><span itemprop='name'>8\u00e8me Assembl\u00e9e G\u00e9n\u00e9rale et visite de l\u2019exploitation \u00e0 Calembourg<\/span><\/span><\/span><\/article><article class=\"post-entry post-entry-type-standard post-entry-14263 post-loop-5 post-parity-odd bloglist-excerpt with-slider post-14263 post type-post status-publish format-standard has-post-thumbnail hentry category-elevage-sujets\"  itemscope=\"itemscope\" itemtype=\"https:\/\/schema.org\/BlogPosting\" ><div class=\"blog-meta\"><\/div><div class='entry-content-wrapper clearfix standard-content'><header class=\"entry-content-header\"><h2 class='post-title entry-title '  itemprop=\"headline\" ><a href=\"https:\/\/www.maine-anjou.de\/fr\/2019\/08\/19\/top-ranking-in-the-top-list-not-rzf-cows\" rel=\"bookmark\" title=\"Lien permanent : Top ranking in the top list Not RZF cows\">Top ranking in the top list Not RZF cows<span class=\"post-format-icon minor-meta\"><\/span><\/a><\/h2><span class=\"post-meta-infos\"><time class=\"date-container minor-meta updated\"  itemprop=\"datePublished\" datetime=\"2019-08-19T10:32:54+02:00\" >19 ao\u00fbt 2019<\/time><\/span><\/header><div class=\"read-more-link\"><a href=\"https:\/\/www.maine-anjou.de\/fr\/2019\/08\/19\/top-ranking-in-the-top-list-not-rzf-cows\" class=\"more-link\">Lire la suite<span class=\"more-link-arrow\"><\/span><\/a><\/div><footer class=\"entry-footer\"><\/footer><div class='post_delimiter'><\/div><\/div><div class=\"post_author_timeline\"><\/div><span class='hidden'>\n\t\t\t\t<span class='av-structured-data'  itemprop=\"image\" itemscope=\"itemscope\" itemtype=\"https:\/\/schema.org\/ImageObject\" >\n\t\t\t\t\t\t<span itemprop='url'>https:\/\/www.maine-anjou.de\/ma\/assets\/2019\/08\/tatjana-1000.jpg<\/span>\n\t\t\t\t\t\t<span itemprop='height'>750<\/span>\n\t\t\t\t\t\t<span itemprop='width'>1000<\/span>\n\t\t\t\t<\/span>\n\t\t\t\t<span class='av-structured-data'  itemprop=\"publisher\" itemtype=\"https:\/\/schema.org\/Organization\" itemscope=\"itemscope\" >\n\t\t\t\t\t\t<span itemprop='name'>mediaoffice-rs<\/span>\n\t\t\t\t\t\t<span itemprop='logo' itemscope itemtype='https:\/\/schema.org\/ImageObject'>\n\t\t\t\t\t\t\t<span itemprop='url'>https:\/\/www.maine-anjou.de\/ma\/assets\/2016\/09\/logo-maine-anjou-verband-25.png<\/span>\n\t\t\t\t\t\t<\/span>\n\t\t\t\t<\/span><span class='av-structured-data'  itemprop=\"author\" itemscope=\"itemscope\" itemtype=\"https:\/\/schema.org\/Person\" ><span itemprop='name'>mediaoffice-rs<\/span><\/span><span class='av-structured-data'  itemprop=\"datePublished\" datetime=\"2019-08-19T10:32:54+02:00\" >2019-08-19 10:32:54<\/span><span class='av-structured-data'  itemprop=\"dateModified\" itemtype=\"https:\/\/schema.org\/dateModified\" >2019-08-19 15:23:14<\/span><span class='av-structured-data'  itemprop=\"mainEntityOfPage\" itemtype=\"https:\/\/schema.org\/mainEntityOfPage\" ><span itemprop='name'>Top ranking in the top list Not RZF cows<\/span><\/span><\/span><\/article><article class=\"post-entry post-entry-type-standard post-entry-13929 post-loop-6 post-parity-even post-entry-last bloglist-excerpt with-slider post-13929 post type-post status-publish format-standard has-post-thumbnail hentry category-evenements\"  itemscope=\"itemscope\" itemtype=\"https:\/\/schema.org\/BlogPosting\" ><div class=\"blog-meta\"><\/div><div class='entry-content-wrapper clearfix standard-content'><header class=\"entry-content-header\"><h2 class='post-title entry-title '  itemprop=\"headline\" ><a href=\"https:\/\/www.maine-anjou.de\/fr\/2018\/07\/27\/7eme-assemblee-generale-et-visite-de-lexploitation-a-hennef\" rel=\"bookmark\" title=\"Lien permanent : 7\u00e8me Assembl\u00e9e G\u00e9n\u00e9rale et visite de l\u2019exploitation \u00e0 Hennef\">7\u00e8me Assembl\u00e9e G\u00e9n\u00e9rale et visite de l\u2019exploitation \u00e0 Hennef<span class=\"post-format-icon minor-meta\"><\/span><\/a><\/h2><span class=\"post-meta-infos\"><time class=\"date-container minor-meta updated\"  itemprop=\"datePublished\" datetime=\"2018-07-27T11:06:15+02:00\" >27 juillet 2018<\/time><\/span><\/header><div class=\"read-more-link\"><a href=\"https:\/\/www.maine-anjou.de\/fr\/2018\/07\/27\/7eme-assemblee-generale-et-visite-de-lexploitation-a-hennef\" class=\"more-link\">Lire la suite<span class=\"more-link-arrow\"><\/span><\/a><\/div><footer class=\"entry-footer\"><\/footer><div class='post_delimiter'><\/div><\/div><div class=\"post_author_timeline\"><\/div><span class='hidden'>\n\t\t\t\t<span class='av-structured-data'  itemprop=\"image\" itemscope=\"itemscope\" itemtype=\"https:\/\/schema.org\/ImageObject\" >\n\t\t\t\t\t\t<span itemprop='url'>https:\/\/www.maine-anjou.de\/ma\/assets\/2018\/07\/Bild-1333.jpg<\/span>\n\t\t\t\t\t\t<span itemprop='height'>667<\/span>\n\t\t\t\t\t\t<span itemprop='width'>1000<\/span>\n\t\t\t\t<\/span>\n\t\t\t\t<span class='av-structured-data'  itemprop=\"publisher\" itemtype=\"https:\/\/schema.org\/Organization\" itemscope=\"itemscope\" >\n\t\t\t\t\t\t<span itemprop='name'>mediaoffice-rs<\/span>\n\t\t\t\t\t\t<span itemprop='logo' itemscope itemtype='https:\/\/schema.org\/ImageObject'>\n\t\t\t\t\t\t\t<span itemprop='url'>https:\/\/www.maine-anjou.de\/ma\/assets\/2016\/09\/logo-maine-anjou-verband-25.png<\/span>\n\t\t\t\t\t\t<\/span>\n\t\t\t\t<\/span><span class='av-structured-data'  itemprop=\"author\" itemscope=\"itemscope\" itemtype=\"https:\/\/schema.org\/Person\" ><span itemprop='name'>mediaoffice-rs<\/span><\/span><span class='av-structured-data'  itemprop=\"datePublished\" datetime=\"2018-07-27T11:06:15+02:00\" >2018-07-27 11:06:15<\/span><span class='av-structured-data'  itemprop=\"dateModified\" itemtype=\"https:\/\/schema.org\/dateModified\" >2018-07-27 11:06:15<\/span><span class='av-structured-data'  itemprop=\"mainEntityOfPage\" itemtype=\"https:\/\/schema.org\/mainEntityOfPage\" ><span itemprop='name'>7\u00e8me Assembl\u00e9e G\u00e9n\u00e9rale et visite de l\u2019exploitation \u00e0 Hennef<\/span><\/span><\/span><\/article><div class='bloglist-excerpt'><nav class='pagination'><span class='pagination-meta'>Page 1 sur 4<\/span><span class='current'>1<\/span><a href='https:\/\/www.maine-anjou.de\/fr\/wp-json\/wp\/v2\/pages\/11976\/page\/2' class='inactive next_page' >2<\/a><a href='https:\/\/www.maine-anjou.de\/fr\/wp-json\/wp\/v2\/pages\/11976\/page\/3' class='inactive' >3<\/a><a href='https:\/\/www.maine-anjou.de\/fr\/wp-json\/wp\/v2\/pages\/11976\/page\/4' class='inactive' >4<\/a><\/nav>\n<\/div><\/div>\n","protected":false},"excerpt":{"rendered":"","protected":false},"author":1,"featured_media":0,"parent":0,"menu_order":3,"comment_status":"closed","ping_status":"closed","template":"","meta":{"footnotes":""},"class_list":["post-11976","page","type-page","status-publish","hentry"],"_links":{"self":[{"href":"https:\/\/www.maine-anjou.de\/fr\/wp-json\/wp\/v2\/pages\/11976","targetHints":{"allow":["GET"]}}],"collection":[{"href":"https:\/\/www.maine-anjou.de\/fr\/wp-json\/wp\/v2\/pages"}],"about":[{"href":"https:\/\/www.maine-anjou.de\/fr\/wp-json\/wp\/v2\/types\/page"}],"author":[{"embeddable":true,"href":"https:\/\/www.maine-anjou.de\/fr\/wp-json\/wp\/v2\/users\/1"}],"replies":[{"embeddable":true,"href":"https:\/\/www.maine-anjou.de\/fr\/wp-json\/wp\/v2\/comments?post=11976"}],"version-history":[{"count":3,"href":"https:\/\/www.maine-anjou.de\/fr\/wp-json\/wp\/v2\/pages\/11976\/revisions"}],"predecessor-version":[{"id":14377,"href":"https:\/\/www.maine-anjou.de\/fr\/wp-json\/wp\/v2\/pages\/11976\/revisions\/14377"}],"wp:attachment":[{"href":"https:\/\/www.maine-anjou.de\/fr\/wp-json\/wp\/v2\/media?parent=11976"}],"curies":[{"name":"wp","href":"https:\/\/api.w.org\/{rel}","templated":true}]}}